{"id":18647,"date":"2025-04-11T18:45:50","date_gmt":"2025-04-11T18:45:50","guid":{"rendered":"https:\/\/unioninarutam-et.local\/eventosingle\/%f0%9f%87%aa%f0%9f%87%b8-tenerife-hispaania-8-10-august-2025\/"},"modified":"2025-08-04T10:56:24","modified_gmt":"2025-08-04T10:56:24","slug":"tenerife-hispaania","status":"publish","type":"tribe_events","link":"https:\/\/unioninarutam.org\/et\/event\/tenerife-hispaania\/","title":{"rendered":"\ud83c\uddea\ud83c\uddf8 Tenerife, Hispaania | 8.\u201310. august 2025"},"content":{"rendered":"\t\t<div data-elementor-type=\"tec_event_single_static\" data-elementor-id=\"18647\" class=\"elementor elementor-18647\" data-elementor-post-type=\"tribe_events\">\n\t\t\t\t<div class=\"elementor-element elementor-element-44be9084 e-con-full e-flex e-con e-parent\" data-id=\"44be9084\" data-element_type=\"container\" data-e-type=\"container\">\n\t\t\t\t<div class=\"elementor-element elementor-element-11a3952 elementor-widget elementor-widget-tec_events_elementor_widget_event_datetime\" data-id=\"11a3952\" data-element_type=\"widget\" data-e-type=\"widget\" data-widget_type=\"tec_events_elementor_widget_event_datetime.default\">\n\t\t\t\t<div class=\"elementor-widget-container\">\n\t\t\t\t\t<div  class=\"tec-events-elementor-event-widget__datetime-wrapper\" >\n\t\t<div  class=\"tec-events-elementor-event-widget__datetime\" >\n\t\t\t<span  class=\"tec-events-elementor-event-widget__datetime-date tec-events-elementor-event-widget__datetime-date--start\" >august 8<\/span>\n\n\t\t\n\t<span  class=\"tec-events-elementor-event-widget__datetime-separator\" >\n\t  -  <\/span>\n\n\t<span  class=\"tec-events-elementor-event-widget__datetime-date tec-events-elementor-event-widget__datetime-date--end\" >august 10<\/span>\n\n\t<\/div><\/div>\n\t\t\t\t<\/div>\n\t\t\t\t<\/div>\n\t\t\t\t<div class=\"elementor-element elementor-element-40d443d elementor-widget elementor-widget-text-editor\" data-id=\"40d443d\" data-element_type=\"widget\" data-e-type=\"widget\" data-widget_type=\"text-editor.default\">\n\t\t\t\t<div class=\"elementor-widget-container\">\n\t\t\t\t\t\t\t\t\t\n<p class=\"wp-block-heading\">\u00d5petused ja sissejuhatus Ayahuasca retriidile koos traditsiooniliste tseremooniatega.<\/p>\n\n<p>Nii f\u00fc\u00fcsiline ettevalmistus kui ka p\u00f5lisrahvaste filosoofia ja tunnete m\u00f5istmine on sellise tugeva ja s\u00fcgava protsessi edu ja m\u00f5istmise jaoks \u00fclioluline.<\/p>\n<p>Palun lugege blogiartikleid ja vaadake \u00fcle audiovisuaalsed teosed.  <\/p>\n\t\t\t\t\t\t\t\t<\/div>\n\t\t\t\t<\/div>\n\t\t<div class=\"elementor-element elementor-element-98de2d7 e-flex e-con-boxed e-con e-child\" data-id=\"98de2d7\" data-element_type=\"container\" data-e-type=\"container\">\n\t\t\t\t\t<div class=\"e-con-inner\">\n\t\t\t\t<div class=\"elementor-element elementor-element-84b566e elementor-widget elementor-widget-heading\" data-id=\"84b566e\" data-element_type=\"widget\" data-e-type=\"widget\" data-widget_type=\"heading.default\">\n\t\t\t\t<div class=\"elementor-widget-container\">\n\t\t\t\t\t<h2 class=\"elementor-heading-title elementor-size-default\">REGISTREERUGE, T\u00c4ITES SELLE VORMI<\/h2>\t\t\t\t<\/div>\n\t\t\t\t<\/div>\n\t\t\t\t<div class=\"elementor-element elementor-element-dc60bc3 elementor-button-align-stretch elementor-widget elementor-widget-global elementor-global-11182 elementor-widget-form\" data-id=\"dc60bc3\" data-element_type=\"widget\" data-e-type=\"widget\" data-settings=\"{&quot;step_next_label&quot;:&quot;Siguiente&quot;,&quot;step_previous_label&quot;:&quot;Anterior&quot;,&quot;button_width&quot;:&quot;100&quot;,&quot;step_type&quot;:&quot;number_text&quot;,&quot;step_icon_shape&quot;:&quot;circle&quot;}\" data-widget_type=\"form.default\">\n\t\t\t\t<div class=\"elementor-widget-container\">\n\t\t\t\t\t\t\t<form class=\"elementor-form\" method=\"post\" name=\"Form Espa\u00f1a\" aria-label=\"Form Espa\u00f1a\">\n\t\t\t<input type=\"hidden\" name=\"post_id\" value=\"18647\"\/>\n\t\t\t<input type=\"hidden\" name=\"form_id\" value=\"dc60bc3\"\/>\n\t\t\t<input type=\"hidden\" name=\"referer_title\" value=\"Union in Arutam\" \/>\n\n\t\t\t\n\t\t\t<div class=\"elementor-form-fields-wrapper elementor-labels-\">\n\t\t\t\t\t\t\t\t<div class=\"elementor-field-type-text elementor-field-group elementor-column elementor-field-group-name elementor-col-100 elementor-field-required\">\n\t\t\t\t\t\t\t\t\t\t\t\t<label for=\"form-field-name\" class=\"elementor-field-label elementor-screen-only\">\n\t\t\t\t\t\t\t\tNombre y Apellido\t\t\t\t\t\t\t<\/label>\n\t\t\t\t\t\t\t\t\t\t\t\t\t\t<input size=\"1\" type=\"text\" name=\"form_fields[name]\" id=\"form-field-name\" class=\"elementor-field elementor-size-lg  elementor-field-textual\" placeholder=\"Sisestage oma nimi\" required=\"required\">\n\t\t\t\t\t\t\t\t\t\t\t<\/div>\n\t\t\t\t\t\t\t\t<div class=\"elementor-field-type-email elementor-field-group elementor-column elementor-field-group-email elementor-col-100 elementor-field-required\">\n\t\t\t\t\t\t\t\t\t\t\t\t<label for=\"form-field-email\" class=\"elementor-field-label elementor-screen-only\">\n\t\t\t\t\t\t\t\tCorreo electr\u00f3nico\t\t\t\t\t\t\t<\/label>\n\t\t\t\t\t\t\t\t\t\t\t\t\t\t<input size=\"1\" type=\"email\" name=\"form_fields[email]\" id=\"form-field-email\" class=\"elementor-field elementor-size-lg  elementor-field-textual\" placeholder=\"Sisestage oma e-posti aadress\" required=\"required\">\n\t\t\t\t\t\t\t\t\t\t\t<\/div>\n\t\t\t\t\t\t\t\t<div class=\"elementor-field-type-textarea elementor-field-group elementor-column elementor-field-group-message elementor-col-100\">\n\t\t\t\t\t\t\t\t\t\t\t\t<label for=\"form-field-message\" class=\"elementor-field-label elementor-screen-only\">\n\t\t\t\t\t\t\t\tMensaje\t\t\t\t\t\t\t<\/label>\n\t\t\t\t\t\t<textarea class=\"elementor-field-textual elementor-field  elementor-size-lg\" name=\"form_fields[message]\" id=\"form-field-message\" rows=\"4\" placeholder=\"Kirjutage oma s\u00f5num\"><\/textarea>\t\t\t\t<\/div>\n\t\t\t\t\t\t\t\t<div class=\"elementor-field-type-text elementor-field-group elementor-column elementor-field-group-field_6c361a2 elementor-col-100\">\n\t\t\t\t\t\t\t\t\t\t\t\t<label for=\"form-field-field_6c361a2\" class=\"elementor-field-label elementor-screen-only\">\n\t\t\t\t\t\t\t\tPa\u00eds\t\t\t\t\t\t\t<\/label>\n\t\t\t\t\t\t\t\t\t\t\t\t\t\t<input size=\"1\" type=\"text\" name=\"form_fields[field_6c361a2]\" id=\"form-field-field_6c361a2\" class=\"elementor-field elementor-size-lg  elementor-field-textual\" placeholder=\"Sisestage oma riik\">\n\t\t\t\t\t\t\t\t\t\t\t<\/div>\n\t\t\t\t\t\t\t\t<div class=\"elementor-field-group elementor-column elementor-field-type-submit elementor-col-100 e-form__buttons\">\n\t\t\t\t\t<button class=\"elementor-button elementor-size-lg\" type=\"submit\">\n\t\t\t\t\t\t<span class=\"elementor-button-content-wrapper\">\n\t\t\t\t\t\t\t\t\t\t\t\t\t\t\t\t\t\t\t\t\t\t<span class=\"elementor-button-text\">SAADA<\/span>\n\t\t\t\t\t\t\t\t\t\t\t\t\t<\/span>\n\t\t\t\t\t<\/button>\n\t\t\t\t<\/div>\n\t\t\t<\/div>\n\t\t<\/form>\n\t\t\t\t\t\t<\/div>\n\t\t\t\t<\/div>\n\t\t\t\t\t<\/div>\n\t\t\t\t<\/div>\n\t\t\t\t<div class=\"elementor-element elementor-element-a06e1ca elementor-align-center elementor-mobile-align-center elementor-widget elementor-widget-button\" data-id=\"a06e1ca\" data-element_type=\"widget\" data-e-type=\"widget\" data-widget_type=\"button.default\">\n\t\t\t\t<div class=\"elementor-widget-container\">\n\t\t\t\t\t\t\t\t\t<div class=\"elementor-button-wrapper\">\n\t\t\t\t\t<a class=\"elementor-button elementor-button-link elementor-size-sm\" href=\"https:\/\/unioninarutam.org\/et\/laagrid\/hispaania\/\">\n\t\t\t\t\t\t<span class=\"elementor-button-content-wrapper\">\n\t\t\t\t\t\t\t\t\t<span class=\"elementor-button-text\">Lisateave retriitide kohta Hispaanias<\/span>\n\t\t\t\t\t<\/span>\n\t\t\t\t\t<\/a>\n\t\t\t\t<\/div>\n\t\t\t\t\t\t\t\t<\/div>\n\t\t\t\t<\/div>\n\t\t\t\t<\/div>\n\t\t\t\t<\/div>\n\t\t","protected":false},"excerpt":{"rendered":"<p>August 8 &#8211; August 10 \u00d5petused ja sissejuhatus Ayahuasca retriidile koos traditsiooniliste tseremooniatega. Nii f\u00fc\u00fcsiline ettevalmistus kui ka p\u00f5lisrahvaste filosoofia ja tunnete m\u00f5istmine on sellise tugeva ja s\u00fcgava protsessi edu [&hellip;]<\/p>\n","protected":false},"author":5,"featured_media":19808,"template":"","meta":{"_tribe_events_status":"","_tribe_events_status_reason":"","footnotes":""},"tags":[281],"tribe_events_cat":[241],"class_list":["post-18647","tribe_events","type-tribe_events","status-publish","has-post-thumbnail","hentry","tag-hispaania","tribe_events_cat-retriit","cat_retriit"],"yoast_head":"<!-- This site is optimized with the Yoast SEO plugin v28.4 - https:\/\/yoast.com\/product\/yoast-seo-wordpress\/ -->\n<title>\ud83c\uddea\ud83c\uddf8 Tenerife, Hispaania | 8.\u201310. august 2025 - Union in Arutam<\/title>\n<meta name=\"robots\" content=\"noindex, follow, max-snippet:-1, max-image-preview:large, max-video-preview:-1\" \/>\n<meta property=\"og:locale\" content=\"et_EE\" \/>\n<meta property=\"og:type\" content=\"article\" \/>\n<meta property=\"og:title\" content=\"\ud83c\uddea\ud83c\uddf8 Tenerife, Hispaania | 8.\u201310. august 2025 - Union in Arutam\" \/>\n<meta property=\"og:description\" content=\"August 8 &#8211; August 10 \u00d5petused ja sissejuhatus Ayahuasca retriidile koos traditsiooniliste tseremooniatega. Nii f\u00fc\u00fcsiline ettevalmistus kui ka p\u00f5lisrahvaste filosoofia ja tunnete m\u00f5istmine on sellise tugeva ja s\u00fcgava protsessi edu [&hellip;]\" \/>\n<meta property=\"og:url\" content=\"https:\/\/unioninarutam.org\/et\/event\/tenerife-hispaania\/\" \/>\n<meta property=\"og:site_name\" content=\"Union in Arutam\" \/>\n<meta property=\"article:modified_time\" content=\"2025-08-04T10:56:24+00:00\" \/>\n<meta property=\"og:image\" content=\"https:\/\/unioninarutam.org\/et\/wp-content\/uploads\/2025\/06\/tenerife-7398660_1920-e1750076797909.webp\" \/>\n\t<meta property=\"og:image:width\" content=\"1920\" \/>\n\t<meta property=\"og:image:height\" content=\"1280\" \/>\n\t<meta property=\"og:image:type\" content=\"image\/webp\" \/>\n<meta name=\"twitter:card\" content=\"summary_large_image\" \/>\n<script type=\"application\/ld+json\" class=\"yoast-schema-graph\">{\"@context\":\"https:\\\/\\\/schema.org\",\"@graph\":[{\"@type\":\"WebPage\",\"@id\":\"https:\\\/\\\/unioninarutam.org\\\/et\\\/event\\\/tenerife-hispaania\\\/\",\"url\":\"https:\\\/\\\/unioninarutam.org\\\/et\\\/event\\\/tenerife-hispaania\\\/\",\"name\":\"\ud83c\uddea\ud83c\uddf8 Tenerife, Hispaania | 8.\u201310. august 2025 - Union in Arutam\",\"isPartOf\":{\"@id\":\"https:\\\/\\\/unioninarutam.org\\\/et\\\/#website\"},\"primaryImageOfPage\":{\"@id\":\"https:\\\/\\\/unioninarutam.org\\\/et\\\/event\\\/tenerife-hispaania\\\/#primaryimage\"},\"image\":{\"@id\":\"https:\\\/\\\/unioninarutam.org\\\/et\\\/event\\\/tenerife-hispaania\\\/#primaryimage\"},\"thumbnailUrl\":\"https:\\\/\\\/unioninarutam.org\\\/et\\\/wp-content\\\/uploads\\\/2025\\\/06\\\/tenerife-7398660_1920-e1750076797909.webp\",\"datePublished\":\"2025-04-11T18:45:50+00:00\",\"dateModified\":\"2025-08-04T10:56:24+00:00\",\"breadcrumb\":{\"@id\":\"https:\\\/\\\/unioninarutam.org\\\/et\\\/event\\\/tenerife-hispaania\\\/#breadcrumb\"},\"inLanguage\":\"et\",\"potentialAction\":[{\"@type\":\"ReadAction\",\"target\":[\"https:\\\/\\\/unioninarutam.org\\\/et\\\/event\\\/tenerife-hispaania\\\/\"]}]},{\"@type\":\"ImageObject\",\"inLanguage\":\"et\",\"@id\":\"https:\\\/\\\/unioninarutam.org\\\/et\\\/event\\\/tenerife-hispaania\\\/#primaryimage\",\"url\":\"https:\\\/\\\/unioninarutam.org\\\/et\\\/wp-content\\\/uploads\\\/2025\\\/06\\\/tenerife-7398660_1920-e1750076797909.webp\",\"contentUrl\":\"https:\\\/\\\/unioninarutam.org\\\/et\\\/wp-content\\\/uploads\\\/2025\\\/06\\\/tenerife-7398660_1920-e1750076797909.webp\",\"width\":1920,\"height\":1280},{\"@type\":\"BreadcrumbList\",\"@id\":\"https:\\\/\\\/unioninarutam.org\\\/et\\\/event\\\/tenerife-hispaania\\\/#breadcrumb\",\"itemListElement\":[{\"@type\":\"ListItem\",\"position\":1,\"name\":\"Portada\",\"item\":\"https:\\\/\\\/unioninarutam.org\\\/et\\\/\"},{\"@type\":\"ListItem\",\"position\":2,\"name\":\"Events\",\"item\":\"https:\\\/\\\/unioninarutam.org\\\/et\\\/events\\\/\"},{\"@type\":\"ListItem\",\"position\":3,\"name\":\"\ud83c\uddea\ud83c\uddf8 Tenerife, Hispaania | 8.\u201310. august 2025\"}]},{\"@type\":\"WebSite\",\"@id\":\"https:\\\/\\\/unioninarutam.org\\\/et\\\/#website\",\"url\":\"https:\\\/\\\/unioninarutam.org\\\/et\\\/\",\"name\":\"Union in Arutam\",\"description\":\"Chamanismo Shuar Tradicional\",\"publisher\":{\"@id\":\"https:\\\/\\\/unioninarutam.org\\\/et\\\/#\\\/schema\\\/person\\\/d7cb3033ccd9fb30a406641f568acf51\"},\"potentialAction\":[{\"@type\":\"SearchAction\",\"target\":{\"@type\":\"EntryPoint\",\"urlTemplate\":\"https:\\\/\\\/unioninarutam.org\\\/et\\\/?s={search_term_string}\"},\"query-input\":{\"@type\":\"PropertyValueSpecification\",\"valueRequired\":true,\"valueName\":\"search_term_string\"}}],\"inLanguage\":\"et\"},{\"@type\":[\"Person\",\"Organization\"],\"@id\":\"https:\\\/\\\/unioninarutam.org\\\/et\\\/#\\\/schema\\\/person\\\/d7cb3033ccd9fb30a406641f568acf51\",\"name\":\"Arutam Ruyman\",\"image\":{\"@type\":\"ImageObject\",\"inLanguage\":\"et\",\"@id\":\"https:\\\/\\\/secure.gravatar.com\\\/avatar\\\/eaeb163a5048edf984ca77ace21dcda3a172972a56ea8c0e959d7c8ad05bd685?s=96&d=mm&r=g\",\"url\":\"https:\\\/\\\/secure.gravatar.com\\\/avatar\\\/eaeb163a5048edf984ca77ace21dcda3a172972a56ea8c0e959d7c8ad05bd685?s=96&d=mm&r=g\",\"contentUrl\":\"https:\\\/\\\/secure.gravatar.com\\\/avatar\\\/eaeb163a5048edf984ca77ace21dcda3a172972a56ea8c0e959d7c8ad05bd685?s=96&d=mm&r=g\",\"caption\":\"Arutam Ruyman\"},\"logo\":{\"@id\":\"https:\\\/\\\/secure.gravatar.com\\\/avatar\\\/eaeb163a5048edf984ca77ace21dcda3a172972a56ea8c0e959d7c8ad05bd685?s=96&d=mm&r=g\"}}]}<\/script>\n<!-- \/ Yoast SEO plugin. -->","yoast_head_json":{"title":"\ud83c\uddea\ud83c\uddf8 Tenerife, Hispaania | 8.\u201310. august 2025 - Union in Arutam","robots":{"index":"noindex","follow":"follow","max-snippet":"max-snippet:-1","max-image-preview":"max-image-preview:large","max-video-preview":"max-video-preview:-1"},"og_locale":"et_EE","og_type":"article","og_title":"\ud83c\uddea\ud83c\uddf8 Tenerife, Hispaania | 8.\u201310. august 2025 - Union in Arutam","og_description":"August 8 &#8211; August 10 \u00d5petused ja sissejuhatus Ayahuasca retriidile koos traditsiooniliste tseremooniatega. Nii f\u00fc\u00fcsiline ettevalmistus kui ka p\u00f5lisrahvaste filosoofia ja tunnete m\u00f5istmine on sellise tugeva ja s\u00fcgava protsessi edu [&hellip;]","og_url":"https:\/\/unioninarutam.org\/et\/event\/tenerife-hispaania\/","og_site_name":"Union in Arutam","article_modified_time":"2025-08-04T10:56:24+00:00","og_image":[{"width":1920,"height":1280,"url":"https:\/\/unioninarutam.org\/et\/wp-content\/uploads\/2025\/06\/tenerife-7398660_1920-e1750076797909.webp","type":"image\/webp"}],"twitter_card":"summary_large_image","schema":{"@context":"https:\/\/schema.org","@graph":[{"@type":"WebPage","@id":"https:\/\/unioninarutam.org\/et\/event\/tenerife-hispaania\/","url":"https:\/\/unioninarutam.org\/et\/event\/tenerife-hispaania\/","name":"\ud83c\uddea\ud83c\uddf8 Tenerife, Hispaania | 8.\u201310. august 2025 - Union in Arutam","isPartOf":{"@id":"https:\/\/unioninarutam.org\/et\/#website"},"primaryImageOfPage":{"@id":"https:\/\/unioninarutam.org\/et\/event\/tenerife-hispaania\/#primaryimage"},"image":{"@id":"https:\/\/unioninarutam.org\/et\/event\/tenerife-hispaania\/#primaryimage"},"thumbnailUrl":"https:\/\/unioninarutam.org\/et\/wp-content\/uploads\/2025\/06\/tenerife-7398660_1920-e1750076797909.webp","datePublished":"2025-04-11T18:45:50+00:00","dateModified":"2025-08-04T10:56:24+00:00","breadcrumb":{"@id":"https:\/\/unioninarutam.org\/et\/event\/tenerife-hispaania\/#breadcrumb"},"inLanguage":"et","potentialAction":[{"@type":"ReadAction","target":["https:\/\/unioninarutam.org\/et\/event\/tenerife-hispaania\/"]}]},{"@type":"ImageObject","inLanguage":"et","@id":"https:\/\/unioninarutam.org\/et\/event\/tenerife-hispaania\/#primaryimage","url":"https:\/\/unioninarutam.org\/et\/wp-content\/uploads\/2025\/06\/tenerife-7398660_1920-e1750076797909.webp","contentUrl":"https:\/\/unioninarutam.org\/et\/wp-content\/uploads\/2025\/06\/tenerife-7398660_1920-e1750076797909.webp","width":1920,"height":1280},{"@type":"BreadcrumbList","@id":"https:\/\/unioninarutam.org\/et\/event\/tenerife-hispaania\/#breadcrumb","itemListElement":[{"@type":"ListItem","position":1,"name":"Portada","item":"https:\/\/unioninarutam.org\/et\/"},{"@type":"ListItem","position":2,"name":"Events","item":"https:\/\/unioninarutam.org\/et\/events\/"},{"@type":"ListItem","position":3,"name":"\ud83c\uddea\ud83c\uddf8 Tenerife, Hispaania | 8.\u201310. august 2025"}]},{"@type":"WebSite","@id":"https:\/\/unioninarutam.org\/et\/#website","url":"https:\/\/unioninarutam.org\/et\/","name":"Union in Arutam","description":"Chamanismo Shuar Tradicional","publisher":{"@id":"https:\/\/unioninarutam.org\/et\/#\/schema\/person\/d7cb3033ccd9fb30a406641f568acf51"},"potentialAction":[{"@type":"SearchAction","target":{"@type":"EntryPoint","urlTemplate":"https:\/\/unioninarutam.org\/et\/?s={search_term_string}"},"query-input":{"@type":"PropertyValueSpecification","valueRequired":true,"valueName":"search_term_string"}}],"inLanguage":"et"},{"@type":["Person","Organization"],"@id":"https:\/\/unioninarutam.org\/et\/#\/schema\/person\/d7cb3033ccd9fb30a406641f568acf51","name":"Arutam Ruyman","image":{"@type":"ImageObject","inLanguage":"et","@id":"https:\/\/secure.gravatar.com\/avatar\/eaeb163a5048edf984ca77ace21dcda3a172972a56ea8c0e959d7c8ad05bd685?s=96&d=mm&r=g","url":"https:\/\/secure.gravatar.com\/avatar\/eaeb163a5048edf984ca77ace21dcda3a172972a56ea8c0e959d7c8ad05bd685?s=96&d=mm&r=g","contentUrl":"https:\/\/secure.gravatar.com\/avatar\/eaeb163a5048edf984ca77ace21dcda3a172972a56ea8c0e959d7c8ad05bd685?s=96&d=mm&r=g","caption":"Arutam Ruyman"},"logo":{"@id":"https:\/\/secure.gravatar.com\/avatar\/eaeb163a5048edf984ca77ace21dcda3a172972a56ea8c0e959d7c8ad05bd685?s=96&d=mm&r=g"}}]}},"_links":{"self":[{"href":"https:\/\/unioninarutam.org\/et\/wp-json\/wp\/v2\/tribe_events\/18647","targetHints":{"allow":["GET"]}}],"collection":[{"href":"https:\/\/unioninarutam.org\/et\/wp-json\/wp\/v2\/tribe_events"}],"about":[{"href":"https:\/\/unioninarutam.org\/et\/wp-json\/wp\/v2\/types\/tribe_events"}],"author":[{"embeddable":true,"href":"https:\/\/unioninarutam.org\/et\/wp-json\/wp\/v2\/users\/5"}],"version-history":[{"count":6,"href":"https:\/\/unioninarutam.org\/et\/wp-json\/wp\/v2\/tribe_events\/18647\/revisions"}],"predecessor-version":[{"id":22666,"href":"https:\/\/unioninarutam.org\/et\/wp-json\/wp\/v2\/tribe_events\/18647\/revisions\/22666"}],"wp:featuredmedia":[{"embeddable":true,"href":"https:\/\/unioninarutam.org\/et\/wp-json\/wp\/v2\/media\/19808"}],"wp:attachment":[{"href":"https:\/\/unioninarutam.org\/et\/wp-json\/wp\/v2\/media?parent=18647"}],"wp:term":[{"taxonomy":"post_tag","embeddable":true,"href":"https:\/\/unioninarutam.org\/et\/wp-json\/wp\/v2\/tags?post=18647"},{"taxonomy":"tribe_events_cat","embeddable":true,"href":"https:\/\/unioninarutam.org\/et\/wp-json\/wp\/v2\/tribe_events_cat?post=18647"}],"curies":[{"name":"wp","href":"https:\/\/api.w.org\/{rel}","templated":true}]}}